{"id":726,"date":"2022-03-22T11:13:45","date_gmt":"2022-03-22T10:13:45","guid":{"rendered":"http:\/\/www.swisscos.swiss\/?page_id=726"},"modified":"2022-04-13T11:32:14","modified_gmt":"2022-04-13T09:32:14","slug":"vereinigung","status":"publish","type":"page","link":"https:\/\/www.swisscos.swiss\/de\/vereinigung\/","title":{"rendered":"Vereinigung"},"content":{"rendered":"<p>[vc_row full_width=&#8220;stretch_row&#8220; content_placement=&#8220;middle&#8220; el_class=&#8220;banner&#8220; css=&#8220;.vc_custom_1646670608653{background-image: url(http:\/\/www.swisscos.swiss\/wp-content\/uploads\/2022\/03\/bandeau-association-1.jpg?id=100) !important;}&#8220;][vc_column][vc_column_text]<\/p>\n<h2 style=\"text-align: center;\"><strong>Unsere Vereinigung<\/strong><\/h2>\n<h3 style=\"text-align: center;\">swisscos<\/h3>\n<p>[\/vc_column_text][\/vc_column][\/vc_row][vc_row full_width=&#8220;stretch_row&#8220; content_placement=&#8220;middle&#8220; el_class=&#8220;banner banner-mobile&#8220; css=&#8220;.vc_custom_1647607724121{background-image: url(http:\/\/www.swisscos.swiss\/wp-content\/uploads\/2022\/03\/bandeau-association-mobile.png?id=266) !important;}&#8220;][vc_column][vc_column_text]<\/p>\n<h2 style=\"text-align: center;\"><strong>Unsere Vereinigung<\/strong><\/h2>\n<h3 style=\"text-align: center;\">swisscos<\/h3>\n<p>[\/vc_column_text][\/vc_column][\/vc_row][vc_row full_width=&#8220;stretch_row&#8220; el_class=&#8220;apropos&#8220; css=&#8220;.vc_custom_1646671170122{background-image: url(http:\/\/www.swisscos.swiss\/wp-content\/uploads\/2022\/03\/background-apropos-1.png?id=70) !important;}&#8220;][vc_column][vc_row_inner][vc_column_inner width=&#8220;1\/2&#8243;][vc_single_image image=&#8220;77&#8243; img_size=&#8220;full&#8220;][\/vc_column_inner][vc_column_inner width=&#8220;1\/2&#8243;][vc_column_text]<\/p>\n<h2><strong>Vereinigung zum Schutz von Kosmetikerzeugnissen Schweizer Herkunft<\/strong><\/h2>\n<p><strong>\u00dcber uns<\/strong><\/p>\n<p>Auf der Grundlage der geltenden schweizerischen Gesetzgebung und mit der Unterst\u00fctzung der schweizerischen Bundesbeh\u00f6rden wendet SWISSCOS die strengsten Regeln f\u00fcr seine Mitglieder an, um ihren internationalen Partnern sowie ihren Kunden eine zertifizierte Schweizer Herkunft zu garantieren. SWISSCOS kooperiert mit den schweizerischen Bundesbeh\u00f6rden, um jedes Unternehmen, das die Bezeichnung \u201eSwiss Made\u201c auf seinen Produkten illegal verwendet, zu verfolgen.[\/vc_column_text][vc_column_text el_class=&#8220;black&#8220;]SWISSCOS bedeutet:<\/p>\n<ul>\n<li>Schweizer Mitglieder<\/li>\n<li>100\u00a0% Fertigung und Abf\u00fcllung in der Schweiz<\/li>\n<li>Forschung und Entwicklung in der Schweiz<\/li>\n<li>Strenge Herstellungsnormen<\/li>\n<li>Qualit\u00e4t und Tradition<\/li>\n<li>Verantwortung und Zuverl\u00e4ssigkeit<\/li>\n<\/ul>\n<p>[\/vc_column_text][\/vc_column_inner][\/vc_row_inner][\/vc_column][\/vc_row][vc_row full_width=&#8220;stretch_row&#8220; disable_element=&#8220;yes&#8220; el_class=&#8220;news&#8220;][vc_column][vc_single_image image=&#8220;111&#8243; img_size=&#8220;full&#8220; alignment=&#8220;center&#8220;][vc_column_text]<\/p>\n<h2 style=\"text-align: center;\">News<\/h2>\n<p>[\/vc_column_text]<div class='actualites'><div class='row'><\/div><div class='row'><div class='col-lg-12 text-center'><a href='https:\/\/www.swisscos.swiss\/fr\/news\/' class='button'>Alle Anzeigen<\/a><\/div><\/div><\/div>[\/vc_column][\/vc_row][vc_row][vc_column][vc_row_inner][vc_column_inner width=&#8220;8\/12&#8243;][vc_column_text]<\/p>\n<h2><strong>Woher wei\u00df ich, ob eine Kosmetikmarke wirklich Schweizer Herkunft ist?<\/strong><\/h2>\n<p><strong>Die Verordnung \u00fcber die Verwendung von schweizerischen Herkunftsangaben f\u00fcr kosmetische Mittel vom 23. November 2016 bestimmt in Artikel 3, dass:<\/strong><\/p>\n<p><strong>Die schweizerische Herkunftsangabe f\u00fcr ein kosmetisches Mittel zutreffend ist, wenn:<\/strong><\/p>\n<ol>\n<li>mindestens 60 Prozent der Herstellungskosten in der Schweiz anfallen;<\/li>\n<li>mindestens 80 Prozent der Forschungs-, Entwicklungs- und Fertigungskosten in der Schweiz anfallen; und<\/li>\n<li>die folgenden T\u00e4tigkeiten in der Schweiz oder am angegebenen Ort in der Schweiz vorgenommen werden:\n<ol>\n<li>die Herstellung des Bulks,<\/li>\n<li>das Abf\u00fcllen des kosmetischen Mittels in die Prim\u00e4rverpackung oder das Zusammensetzen des Bulks und der Applikationsvorrichtung zu einem gebrauchsfertigen kosmetischen Mittel, und<\/li>\n<li>die rechtlich vorgeschriebenen oder branchenweit einheitlich geregelten Qualit\u00e4tskontrollen und Zertifizierungen.<\/li>\n<\/ol>\n<\/li>\n<\/ol>\n<p>[\/vc_column_text][\/vc_column_inner][vc_column_inner width=&#8220;4\/12&#8243;][\/vc_column_inner][\/vc_row_inner][\/vc_column][\/vc_row]<\/p>\n","protected":false},"excerpt":{"rendered":"<p>[vc_row full_width=&#8220;stretch_row&#8220; content_placement=&#8220;middle&#8220; el_class=&#8220;banner&#8220; css=&#8220;.vc_custom_1646670608653{background-image: url(http:\/\/www.swisscos.swiss\/wp-content\/uploads\/2022\/03\/bandeau-association-1.jpg?id=100) !important;}&#8220;][vc_column][vc_column_text] Unsere Vereinigung swisscos [\/vc_column_text][\/vc_column][\/vc_row][vc_row full_width=&#8220;stretch_row&#8220; content_placement=&#8220;middle&#8220; el_class=&#8220;banner banner-mobile&#8220; css=&#8220;.vc_custom_1647607724121{background-image: url(http:\/\/www.swisscos.swiss\/wp-content\/uploads\/2022\/03\/bandeau-association-mobile.png?id=266) !important;}&#8220;][vc_column][vc_column_text] Unsere Vereinigung swisscos [\/vc_column_text][\/vc_column][\/vc_row][vc_row full_width=&#8220;stretch_row&#8220; el_class=&#8220;apropos&#8220; css=&#8220;.vc_custom_1646671170122{background-image: url(http:\/\/www.swisscos.swiss\/wp-content\/uploads\/2022\/03\/background-apropos-1.png?id=70) !important;}&#8220;][vc_column][vc_row_inner][vc_column_inner width=&#8220;1\/2&#8243;][vc_single_image image=&#8220;77&#8243; img_size=&#8220;full&#8220;][\/vc_column_inner][vc_column_inner width=&#8220;1\/2&#8243;][vc_column_text] Vereinigung zum Schutz von Kosmetikerzeugnissen Schweizer Herkunft \u00dcber uns Auf der Grundlage der geltenden schweizerischen Gesetzgebung und mit der Unterst\u00fctzung der schweizerischen Bundesbeh\u00f6rden wendet [&hellip;]<\/p>\n","protected":false},"author":1,"featured_media":0,"parent":0,"menu_order":0,"comment_status":"closed","ping_status":"closed","template":"","meta":{"_acf_changed":false,"footnotes":""},"class_list":["post-726","page","type-page","status-publish","hentry"],"acf":[],"yoast_head":"<!-- This site is optimized with the Yoast SEO plugin v24.3 - https:\/\/yoast.com\/wordpress\/plugins\/seo\/ -->\n<title>Vereinigung - Swisscos<\/title>\n<meta name=\"robots\" content=\"index, follow, max-snippet:-1, max-image-preview:large, max-video-preview:-1\" \/>\n<link rel=\"canonical\" href=\"https:\/\/www.swisscos.swiss\/de\/vereinigung\/\" \/>\n<meta property=\"og:locale\" content=\"de_DE\" \/>\n<meta property=\"og:type\" content=\"article\" \/>\n<meta property=\"og:title\" content=\"Vereinigung - Swisscos\" \/>\n<meta property=\"og:description\" content=\"[vc_row full_width=&#8220;stretch_row&#8220; content_placement=&#8220;middle&#8220; el_class=&#8220;banner&#8220; css=&#8220;.vc_custom_1646670608653{background-image: url(http:\/\/www.swisscos.swiss\/wp-content\/uploads\/2022\/03\/bandeau-association-1.jpg?id=100) !important;}&#8220;][vc_column][vc_column_text] Unsere Vereinigung swisscos [\/vc_column_text][\/vc_column][\/vc_row][vc_row full_width=&#8220;stretch_row&#8220; content_placement=&#8220;middle&#8220; el_class=&#8220;banner banner-mobile&#8220; css=&#8220;.vc_custom_1647607724121{background-image: url(http:\/\/www.swisscos.swiss\/wp-content\/uploads\/2022\/03\/bandeau-association-mobile.png?id=266) !important;}&#8220;][vc_column][vc_column_text] Unsere Vereinigung swisscos [\/vc_column_text][\/vc_column][\/vc_row][vc_row full_width=&#8220;stretch_row&#8220; el_class=&#8220;apropos&#8220; css=&#8220;.vc_custom_1646671170122{background-image: url(http:\/\/www.swisscos.swiss\/wp-content\/uploads\/2022\/03\/background-apropos-1.png?id=70) !important;}&#8220;][vc_column][vc_row_inner][vc_column_inner width=&#8220;1\/2&#8243;][vc_single_image image=&#8220;77&#8243; img_size=&#8220;full&#8220;][\/vc_column_inner][vc_column_inner width=&#8220;1\/2&#8243;][vc_column_text] Vereinigung zum Schutz von Kosmetikerzeugnissen Schweizer Herkunft \u00dcber uns Auf der Grundlage der geltenden schweizerischen Gesetzgebung und mit der Unterst\u00fctzung der schweizerischen Bundesbeh\u00f6rden wendet [&hellip;]\" \/>\n<meta property=\"og:url\" content=\"https:\/\/www.swisscos.swiss\/de\/vereinigung\/\" \/>\n<meta property=\"og:site_name\" content=\"Swisscos\" \/>\n<meta property=\"article:modified_time\" content=\"2022-04-13T09:32:14+00:00\" \/>\n<meta name=\"twitter:card\" content=\"summary_large_image\" \/>\n<meta name=\"twitter:label1\" content=\"Gesch\u00e4tzte Lesezeit\" \/>\n\t<meta name=\"twitter:data1\" content=\"2\u00a0Minuten\" \/>\n<script type=\"application\/ld+json\" class=\"yoast-schema-graph\">{\"@context\":\"https:\/\/schema.org\",\"@graph\":[{\"@type\":\"WebPage\",\"@id\":\"https:\/\/www.swisscos.swiss\/de\/vereinigung\/\",\"url\":\"https:\/\/www.swisscos.swiss\/de\/vereinigung\/\",\"name\":\"Vereinigung - Swisscos\",\"isPartOf\":{\"@id\":\"https:\/\/www.swisscos.swiss\/de\/#website\"},\"datePublished\":\"2022-03-22T10:13:45+00:00\",\"dateModified\":\"2022-04-13T09:32:14+00:00\",\"breadcrumb\":{\"@id\":\"https:\/\/www.swisscos.swiss\/de\/vereinigung\/#breadcrumb\"},\"inLanguage\":\"de\",\"potentialAction\":[{\"@type\":\"ReadAction\",\"target\":[\"https:\/\/www.swisscos.swiss\/de\/vereinigung\/\"]}]},{\"@type\":\"BreadcrumbList\",\"@id\":\"https:\/\/www.swisscos.swiss\/de\/vereinigung\/#breadcrumb\",\"itemListElement\":[{\"@type\":\"ListItem\",\"position\":1,\"name\":\"Accueil\",\"item\":\"https:\/\/www.swisscos.swiss\/de\/\"},{\"@type\":\"ListItem\",\"position\":2,\"name\":\"Vereinigung\"}]},{\"@type\":\"WebSite\",\"@id\":\"https:\/\/www.swisscos.swiss\/de\/#website\",\"url\":\"https:\/\/www.swisscos.swiss\/de\/\",\"name\":\"Swisscos\",\"description\":\"Un site utilisant WordPress\",\"publisher\":{\"@id\":\"https:\/\/www.swisscos.swiss\/de\/#organization\"},\"potentialAction\":[{\"@type\":\"SearchAction\",\"target\":{\"@type\":\"EntryPoint\",\"urlTemplate\":\"https:\/\/www.swisscos.swiss\/de\/?s={search_term_string}\"},\"query-input\":{\"@type\":\"PropertyValueSpecification\",\"valueRequired\":true,\"valueName\":\"search_term_string\"}}],\"inLanguage\":\"de\"},{\"@type\":\"Organization\",\"@id\":\"https:\/\/www.swisscos.swiss\/de\/#organization\",\"name\":\"Swisscos\",\"url\":\"https:\/\/www.swisscos.swiss\/de\/\",\"logo\":{\"@type\":\"ImageObject\",\"inLanguage\":\"de\",\"@id\":\"https:\/\/www.swisscos.swiss\/de\/#\/schema\/logo\/image\/\",\"url\":\"https:\/\/www.swisscos.swiss\/wp-content\/uploads\/2022\/03\/logo-1.png\",\"contentUrl\":\"https:\/\/www.swisscos.swiss\/wp-content\/uploads\/2022\/03\/logo-1.png\",\"width\":256,\"height\":256,\"caption\":\"Swisscos\"},\"image\":{\"@id\":\"https:\/\/www.swisscos.swiss\/de\/#\/schema\/logo\/image\/\"},\"sameAs\":[\"https:\/\/www.instagram.com\/swisscos.swiss\/?hl=fr\",\"https:\/\/www.linkedin.com\/in\/swisscos\/\"]}]}<\/script>\n<!-- \/ Yoast SEO plugin. -->","yoast_head_json":{"title":"Vereinigung - Swisscos","robots":{"index":"index","follow":"follow","max-snippet":"max-snippet:-1","max-image-preview":"max-image-preview:large","max-video-preview":"max-video-preview:-1"},"canonical":"https:\/\/www.swisscos.swiss\/de\/vereinigung\/","og_locale":"de_DE","og_type":"article","og_title":"Vereinigung - Swisscos","og_description":"[vc_row full_width=&#8220;stretch_row&#8220; content_placement=&#8220;middle&#8220; el_class=&#8220;banner&#8220; css=&#8220;.vc_custom_1646670608653{background-image: url(http:\/\/www.swisscos.swiss\/wp-content\/uploads\/2022\/03\/bandeau-association-1.jpg?id=100) !important;}&#8220;][vc_column][vc_column_text] Unsere Vereinigung swisscos [\/vc_column_text][\/vc_column][\/vc_row][vc_row full_width=&#8220;stretch_row&#8220; content_placement=&#8220;middle&#8220; el_class=&#8220;banner banner-mobile&#8220; css=&#8220;.vc_custom_1647607724121{background-image: url(http:\/\/www.swisscos.swiss\/wp-content\/uploads\/2022\/03\/bandeau-association-mobile.png?id=266) !important;}&#8220;][vc_column][vc_column_text] Unsere Vereinigung swisscos [\/vc_column_text][\/vc_column][\/vc_row][vc_row full_width=&#8220;stretch_row&#8220; el_class=&#8220;apropos&#8220; css=&#8220;.vc_custom_1646671170122{background-image: url(http:\/\/www.swisscos.swiss\/wp-content\/uploads\/2022\/03\/background-apropos-1.png?id=70) !important;}&#8220;][vc_column][vc_row_inner][vc_column_inner width=&#8220;1\/2&#8243;][vc_single_image image=&#8220;77&#8243; img_size=&#8220;full&#8220;][\/vc_column_inner][vc_column_inner width=&#8220;1\/2&#8243;][vc_column_text] Vereinigung zum Schutz von Kosmetikerzeugnissen Schweizer Herkunft \u00dcber uns Auf der Grundlage der geltenden schweizerischen Gesetzgebung und mit der Unterst\u00fctzung der schweizerischen Bundesbeh\u00f6rden wendet [&hellip;]","og_url":"https:\/\/www.swisscos.swiss\/de\/vereinigung\/","og_site_name":"Swisscos","article_modified_time":"2022-04-13T09:32:14+00:00","twitter_card":"summary_large_image","twitter_misc":{"Gesch\u00e4tzte Lesezeit":"2\u00a0Minuten"},"schema":{"@context":"https:\/\/schema.org","@graph":[{"@type":"WebPage","@id":"https:\/\/www.swisscos.swiss\/de\/vereinigung\/","url":"https:\/\/www.swisscos.swiss\/de\/vereinigung\/","name":"Vereinigung - Swisscos","isPartOf":{"@id":"https:\/\/www.swisscos.swiss\/de\/#website"},"datePublished":"2022-03-22T10:13:45+00:00","dateModified":"2022-04-13T09:32:14+00:00","breadcrumb":{"@id":"https:\/\/www.swisscos.swiss\/de\/vereinigung\/#breadcrumb"},"inLanguage":"de","potentialAction":[{"@type":"ReadAction","target":["https:\/\/www.swisscos.swiss\/de\/vereinigung\/"]}]},{"@type":"BreadcrumbList","@id":"https:\/\/www.swisscos.swiss\/de\/vereinigung\/#breadcrumb","itemListElement":[{"@type":"ListItem","position":1,"name":"Accueil","item":"https:\/\/www.swisscos.swiss\/de\/"},{"@type":"ListItem","position":2,"name":"Vereinigung"}]},{"@type":"WebSite","@id":"https:\/\/www.swisscos.swiss\/de\/#website","url":"https:\/\/www.swisscos.swiss\/de\/","name":"Swisscos","description":"Un site utilisant WordPress","publisher":{"@id":"https:\/\/www.swisscos.swiss\/de\/#organization"},"potentialAction":[{"@type":"SearchAction","target":{"@type":"EntryPoint","urlTemplate":"https:\/\/www.swisscos.swiss\/de\/?s={search_term_string}"},"query-input":{"@type":"PropertyValueSpecification","valueRequired":true,"valueName":"search_term_string"}}],"inLanguage":"de"},{"@type":"Organization","@id":"https:\/\/www.swisscos.swiss\/de\/#organization","name":"Swisscos","url":"https:\/\/www.swisscos.swiss\/de\/","logo":{"@type":"ImageObject","inLanguage":"de","@id":"https:\/\/www.swisscos.swiss\/de\/#\/schema\/logo\/image\/","url":"https:\/\/www.swisscos.swiss\/wp-content\/uploads\/2022\/03\/logo-1.png","contentUrl":"https:\/\/www.swisscos.swiss\/wp-content\/uploads\/2022\/03\/logo-1.png","width":256,"height":256,"caption":"Swisscos"},"image":{"@id":"https:\/\/www.swisscos.swiss\/de\/#\/schema\/logo\/image\/"},"sameAs":["https:\/\/www.instagram.com\/swisscos.swiss\/?hl=fr","https:\/\/www.linkedin.com\/in\/swisscos\/"]}]}},"_links":{"self":[{"href":"https:\/\/www.swisscos.swiss\/de\/wp-json\/wp\/v2\/pages\/726","targetHints":{"allow":["GET"]}}],"collection":[{"href":"https:\/\/www.swisscos.swiss\/de\/wp-json\/wp\/v2\/pages"}],"about":[{"href":"https:\/\/www.swisscos.swiss\/de\/wp-json\/wp\/v2\/types\/page"}],"author":[{"embeddable":true,"href":"https:\/\/www.swisscos.swiss\/de\/wp-json\/wp\/v2\/users\/1"}],"replies":[{"embeddable":true,"href":"https:\/\/www.swisscos.swiss\/de\/wp-json\/wp\/v2\/comments?post=726"}],"version-history":[{"count":4,"href":"https:\/\/www.swisscos.swiss\/de\/wp-json\/wp\/v2\/pages\/726\/revisions"}],"predecessor-version":[{"id":1062,"href":"https:\/\/www.swisscos.swiss\/de\/wp-json\/wp\/v2\/pages\/726\/revisions\/1062"}],"wp:attachment":[{"href":"https:\/\/www.swisscos.swiss\/de\/wp-json\/wp\/v2\/media?parent=726"}],"curies":[{"name":"wp","href":"https:\/\/api.w.org\/{rel}","templated":true}]}}